{"id":996132,"date":"2024-12-16T08:38:21","date_gmt":"2024-12-16T07:38:21","guid":{"rendered":"https:\/\/www.dahora.cz\/?page_id=996132"},"modified":"2026-04-13T12:50:29","modified_gmt":"2026-04-13T10:50:29","slug":"napsali-o-nas","status":"publish","type":"page","link":"https:\/\/www.dahora.cz\/ru\/napsali-o-nas\/","title":{"rendered":"\u041e\u043d\u0438 \u043f\u0438\u0441\u0430\u043b\u0438 \u043e \u043d\u0430\u0441"},"content":{"rendered":"<div data-elementor-type=\"wp-page\" data-elementor-id=\"996132\" class=\"elementor elementor-996132\" data-elementor-post-type=\"page\">\n\t\t\t\t\t\t<section class=\"elementor-section elementor-top-section elementor-element elementor-element-30958dc elementor-section-boxed elementor-section-height-default elementor-section-height-default\" data-id=\"30958dc\" data-element_type=\"section\" data-e-type=\"section\">\n\t\t\t\t\t\t<div class=\"elementor-container elementor-column-gap-no\">\n\t\t\t\t\t<div class=\"elementor-column elementor-col-100 elementor-top-column elementor-element elementor-element-70809d2\" data-id=\"70809d2\" data-element_type=\"column\" data-e-type=\"column\">\n\t\t\t<div class=\"elementor-widget-wrap elementor-element-populated\">\n\t\t\t\t\t\t\t<\/div>\n\t\t<\/div>\n\t\t\t\t\t<\/div>\n\t\t<\/section>\n\t\t\t\t<section class=\"elementor-section elementor-top-section elementor-element elementor-element-f22ce15 elementor-section-boxed elementor-section-height-default elementor-section-height-default\" data-id=\"f22ce15\" data-element_type=\"section\" data-e-type=\"section\">\n\t\t\t\t\t\t<div class=\"elementor-container elementor-column-gap-no\">\n\t\t\t\t\t<div class=\"elementor-column elementor-col-100 elementor-top-column elementor-element elementor-element-45fd12c\" data-id=\"45fd12c\" data-element_type=\"column\" data-e-type=\"column\">\n\t\t\t<div class=\"elementor-widget-wrap elementor-element-populated\">\n\t\t\t\t\t\t<div class=\"elementor-element elementor-element-c578b0e elementor-grid-3 elementor-grid-tablet-2 elementor-grid-mobile-1 elementor-posts--thumbnail-top elementor-invisible elementor-widget elementor-widget-posts\" data-id=\"c578b0e\" data-element_type=\"widget\" data-e-type=\"widget\" data-settings=\"{&quot;classic_row_gap&quot;:{&quot;unit&quot;:&quot;px&quot;,&quot;size&quot;:60,&quot;sizes&quot;:[]},&quot;_animation&quot;:&quot;fadeIn&quot;,&quot;_animation_tablet&quot;:&quot;none&quot;,&quot;_animation_mobile&quot;:&quot;none&quot;,&quot;_animation_delay&quot;:200,&quot;pagination_type&quot;:&quot;numbers_and_prev_next&quot;,&quot;classic_columns&quot;:&quot;3&quot;,&quot;classic_columns_tablet&quot;:&quot;2&quot;,&quot;classic_columns_mobile&quot;:&quot;1&quot;,&quot;classic_row_gap_tablet&quot;:{&quot;unit&quot;:&quot;px&quot;,&quot;size&quot;:&quot;&quot;,&quot;sizes&quot;:[]},&quot;classic_row_gap_mobile&quot;:{&quot;unit&quot;:&quot;px&quot;,&quot;size&quot;:&quot;&quot;,&quot;sizes&quot;:[]}}\" data-widget_type=\"posts.classic\">\n\t\t\t\t<div class=\"elementor-widget-container\">\n\t\t\t\t\t\t\t<div class=\"elementor-posts-container elementor-posts elementor-posts--skin-classic elementor-grid\" role=\"list\">\n\t\t\t\t<article class=\"elementor-post elementor-grid-item post-1005739 post type-post status-publish format-standard has-post-thumbnail hentry category-napsali-o-nas\" role=\"listitem\">\n\t\t\t\t<a class=\"elementor-post__thumbnail__link\" href=\"https:\/\/www.dahora.cz\/ru\/2026\/04\/11\/posledni-zvoneni-na-digital-academy-jina-skola-jiny-styl-spousta-smichu\/\" tabindex=\"-1\" >\n\t\t\t<div class=\"elementor-post__thumbnail\"><img fetchpriority=\"high\" decoding=\"async\" width=\"1000\" height=\"750\" src=\"https:\/\/www.dahora.cz\/wp-content\/uploads\/2026\/04\/posledni-zvoneni-dahora-2026-13.webp\" class=\"attachment-full size-full wp-image-1005753\" alt=\"Fotka ke \u010dl\u00e1nku Napsali u n\u00e1s s titulkem: Posledn\u00ed zvon\u011bn\u00ed na Digital Academy 2026\" srcset=\"https:\/\/www.dahora.cz\/wp-content\/uploads\/2026\/04\/posledni-zvoneni-dahora-2026-13.webp 1000w, https:\/\/www.dahora.cz\/wp-content\/uploads\/2026\/04\/posledni-zvoneni-dahora-2026-13-300x225.webp 300w, https:\/\/www.dahora.cz\/wp-content\/uploads\/2026\/04\/posledni-zvoneni-dahora-2026-13-768x576.webp 768w, https:\/\/www.dahora.cz\/wp-content\/uploads\/2026\/04\/posledni-zvoneni-dahora-2026-13-16x12.webp 16w\" sizes=\"(max-width: 1000px) 100vw, 1000px\" \/><\/div>\n\t\t<\/a>\n\t\t\t\t<div class=\"elementor-post__text\">\n\t\t\t\t<h3 class=\"elementor-post__title\">\n\t\t\t<a href=\"https:\/\/www.dahora.cz\/ru\/2026\/04\/11\/posledni-zvoneni-na-digital-academy-jina-skola-jiny-styl-spousta-smichu\/\" >\n\t\t\t\tPosledn\u00ed zvon\u011bn\u00ed na Digital Academy: jin\u00e1 \u0161kola, jin\u00fd styl, spousta sm\u00edchu!\t\t\t<\/a>\n\t\t<\/h3>\n\t\t\t\t<div class=\"elementor-post__meta-data\">\n\t\t\t\t\t<span class=\"elementor-post-date\">\n\t\t\t11. 4. 2026\t\t<\/span>\n\t\t\t\t<\/div>\n\t\t\t\t<div class=\"elementor-post__excerpt\">\n\t\t\t<p>Zdroj: www.svoboda.info Odkaz na \u010dl\u00e1nek Mal\u00edn\u00a0&#8211;\u00a0St\u0159edn\u00ed \u0161kola Digital Academy se letos rozlou\u010dila se sv\u00fdmi maturanty ve velk\u00e9m stylu. Posledn\u00ed zvon\u011bn\u00ed m\u011blo slavnostn\u00ed atmosf\u00e9ru, kterou podtrhl<\/p>\n\t\t<\/div>\n\t\t\t\t<\/div>\n\t\t\t\t<\/article>\n\t\t\t\t<article class=\"elementor-post elementor-grid-item post-1005715 post type-post status-publish format-standard has-post-thumbnail hentry category-napsali-o-nas\" role=\"listitem\">\n\t\t\t\t<a class=\"elementor-post__thumbnail__link\" href=\"https:\/\/www.dahora.cz\/ru\/2026\/04\/10\/zaci-z-kutne-hory-vystavuji-dila-inspirovana-dvema-kutnohorskymi-osobnostmi-j-k-tylem-a-mikulasem-daczickym-z-heslova\/\" tabindex=\"-1\" >\n\t\t\t<div class=\"elementor-post__thumbnail\"><img decoding=\"async\" width=\"1598\" height=\"1198\" src=\"https:\/\/www.dahora.cz\/wp-content\/uploads\/2026\/04\/vystava-dila-v-kutne-hore-2026-3.webp\" class=\"attachment-full size-full wp-image-1005720\" alt=\"Fotka ke \u010dl\u00e1nku Napsali o n\u00e1s, titulek: \u017d\u00e1ci z Kutn\u00e9 Hory vystavuj\u00ed d\u00edla inspirovan\u00e1 dv\u011bma kutnohorsk\u00fdmi osobnostmi: J. K. Tylem a Mikul\u00e1\u0161em Daczick\u00fdm z Heslova\" srcset=\"https:\/\/www.dahora.cz\/wp-content\/uploads\/2026\/04\/vystava-dila-v-kutne-hore-2026-3.webp 1598w, https:\/\/www.dahora.cz\/wp-content\/uploads\/2026\/04\/vystava-dila-v-kutne-hore-2026-3-300x225.webp 300w, https:\/\/www.dahora.cz\/wp-content\/uploads\/2026\/04\/vystava-dila-v-kutne-hore-2026-3-1024x768.webp 1024w, https:\/\/www.dahora.cz\/wp-content\/uploads\/2026\/04\/vystava-dila-v-kutne-hore-2026-3-768x576.webp 768w, https:\/\/www.dahora.cz\/wp-content\/uploads\/2026\/04\/vystava-dila-v-kutne-hore-2026-3-1536x1152.webp 1536w, https:\/\/www.dahora.cz\/wp-content\/uploads\/2026\/04\/vystava-dila-v-kutne-hore-2026-3-16x12.webp 16w\" sizes=\"(max-width: 1598px) 100vw, 1598px\" \/><\/div>\n\t\t<\/a>\n\t\t\t\t<div class=\"elementor-post__text\">\n\t\t\t\t<h3 class=\"elementor-post__title\">\n\t\t\t<a href=\"https:\/\/www.dahora.cz\/ru\/2026\/04\/10\/zaci-z-kutne-hory-vystavuji-dila-inspirovana-dvema-kutnohorskymi-osobnostmi-j-k-tylem-a-mikulasem-daczickym-z-heslova\/\" >\n\t\t\t\t\u017d\u00e1ci z Kutn\u00e9 Hory vystavuj\u00ed d\u00edla inspirovan\u00e1 dv\u011bma kutnohorsk\u00fdmi osobnostmi: J. K. Tylem a Mikul\u00e1\u0161em Daczick\u00fdm z\u00a0Heslova\t\t\t<\/a>\n\t\t<\/h3>\n\t\t\t\t<div class=\"elementor-post__meta-data\">\n\t\t\t\t\t<span class=\"elementor-post-date\">\n\t\t\t10. 4. 2026\t\t<\/span>\n\t\t\t\t<\/div>\n\t\t\t\t<div class=\"elementor-post__excerpt\">\n\t\t\t<p>Zdroj: kutnohorskelisty.cz Odkaz na \u010dl\u00e1nek V\u00fdstava Kutn\u00e1 Hora dvou v\u00fdro\u010d\u00ed: Jak m\u00edstn\u00ed \u017e\u00e1ci vid\u00ed dobu Mikul\u00e1\u0161e Daczick\u00e9ho z Heslova a Josefa Kajet\u00e1na Tyla byla 9.<\/p>\n\t\t<\/div>\n\t\t\t\t<\/div>\n\t\t\t\t<\/article>\n\t\t\t\t<article class=\"elementor-post elementor-grid-item post-1005668 post type-post status-publish format-standard has-post-thumbnail hentry category-napsali-o-nas\" role=\"listitem\">\n\t\t\t\t<a class=\"elementor-post__thumbnail__link\" href=\"https:\/\/www.dahora.cz\/ru\/2026\/03\/26\/maturitni-ples-digital-academy-v-lucerne-vecer-plny-energie-elegance-a-studentskeho-humoru\/\" tabindex=\"-1\" >\n\t\t\t<div class=\"elementor-post__thumbnail\"><img decoding=\"async\" width=\"750\" height=\"1000\" src=\"https:\/\/www.dahora.cz\/wp-content\/uploads\/2026\/03\/Maturitni-ples-Digital-Academy-v-Lucerne-2026-7.webp\" class=\"attachment-full size-full wp-image-1005676\" alt=\"Fotografie - Maturitn\u00ed ples Digital Academy v Lucern\u011b 2026\" srcset=\"https:\/\/www.dahora.cz\/wp-content\/uploads\/2026\/03\/Maturitni-ples-Digital-Academy-v-Lucerne-2026-7.webp 750w, https:\/\/www.dahora.cz\/wp-content\/uploads\/2026\/03\/Maturitni-ples-Digital-Academy-v-Lucerne-2026-7-225x300.webp 225w, https:\/\/www.dahora.cz\/wp-content\/uploads\/2026\/03\/Maturitni-ples-Digital-Academy-v-Lucerne-2026-7-9x12.webp 9w\" sizes=\"(max-width: 750px) 100vw, 750px\" \/><\/div>\n\t\t<\/a>\n\t\t\t\t<div class=\"elementor-post__text\">\n\t\t\t\t<h3 class=\"elementor-post__title\">\n\t\t\t<a href=\"https:\/\/www.dahora.cz\/ru\/2026\/03\/26\/maturitni-ples-digital-academy-v-lucerne-vecer-plny-energie-elegance-a-studentskeho-humoru\/\" >\n\t\t\t\tMaturitn\u00ed ples Digital Academy v Lucern\u011b : ve\u010der pln\u00fd energie, elegance a studentsk\u00e9ho humoru\t\t\t<\/a>\n\t\t<\/h3>\n\t\t\t\t<div class=\"elementor-post__meta-data\">\n\t\t\t\t\t<span class=\"elementor-post-date\">\n\t\t\t26. 3. 2026\t\t<\/span>\n\t\t\t\t<\/div>\n\t\t\t\t<div class=\"elementor-post__excerpt\">\n\t\t\t<p>Zdroj: www.svoboda.info Odkaz na \u010dl\u00e1nek Praha\/Mal\u00edn\u00a0&#8211; Zapln\u011bn\u00e1 pra\u017esk\u00e1 Lucerna v ned\u011bli 22. b\u0159ezna doslova z\u00e1\u0159ila \u2014 nejen sv\u011btly, ale i hrdost\u00ed. Maturitn\u00ed ples Digital Academy<\/p>\n\t\t<\/div>\n\t\t\t\t<\/div>\n\t\t\t\t<\/article>\n\t\t\t\t<article class=\"elementor-post elementor-grid-item post-1005645 post type-post status-publish format-standard has-post-thumbnail hentry category-napsali-o-nas\" role=\"listitem\">\n\t\t\t\t<a class=\"elementor-post__thumbnail__link\" href=\"https:\/\/www.dahora.cz\/ru\/2026\/03\/25\/digital-academy-ve-znameni-zelene-stredni-skola-oslavila-den-sv-patrika-soutezemi-i-humorem\/\" tabindex=\"-1\" >\n\t\t\t<div class=\"elementor-post__thumbnail\"><img loading=\"lazy\" decoding=\"async\" width=\"667\" height=\"1000\" src=\"https:\/\/www.dahora.cz\/wp-content\/uploads\/2026\/03\/20260324115235_IMG-20260319-WA0001.webp\" class=\"attachment-full size-full wp-image-1005647\" alt=\"Dahora - illustrativn\u00ed obr\u00e1zek ke \u010dl\u00e1nku Napsali o n\u00e1s: Digital Academy ve znamen\u00ed zelen\u00e9: St\u0159edn\u00ed \u0161kola oslavila Den sv. Patrika sout\u011b\u017eemi i humorem\" srcset=\"https:\/\/www.dahora.cz\/wp-content\/uploads\/2026\/03\/20260324115235_IMG-20260319-WA0001.webp 667w, https:\/\/www.dahora.cz\/wp-content\/uploads\/2026\/03\/20260324115235_IMG-20260319-WA0001-200x300.webp 200w, https:\/\/www.dahora.cz\/wp-content\/uploads\/2026\/03\/20260324115235_IMG-20260319-WA0001-8x12.webp 8w\" sizes=\"(max-width: 667px) 100vw, 667px\" \/><\/div>\n\t\t<\/a>\n\t\t\t\t<div class=\"elementor-post__text\">\n\t\t\t\t<h3 class=\"elementor-post__title\">\n\t\t\t<a href=\"https:\/\/www.dahora.cz\/ru\/2026\/03\/25\/digital-academy-ve-znameni-zelene-stredni-skola-oslavila-den-sv-patrika-soutezemi-i-humorem\/\" >\n\t\t\t\tDigital Academy ve znamen\u00ed zelen\u00e9: St\u0159edn\u00ed \u0161kola oslavila Den sv. Patrika sout\u011b\u017eemi i humorem\t\t\t<\/a>\n\t\t<\/h3>\n\t\t\t\t<div class=\"elementor-post__meta-data\">\n\t\t\t\t\t<span class=\"elementor-post-date\">\n\t\t\t25. 3. 2026\t\t<\/span>\n\t\t\t\t<\/div>\n\t\t\t\t<div class=\"elementor-post__excerpt\">\n\t\t\t<p>Zdroj: www.svoboda.info Odkaz na \u010dl\u00e1nek Mal\u00edn\u00a0&#8211; St\u0159edn\u00ed \u0161kola v\u202fMal\u00edn\u011b se ve \u010dtvrtek prom\u011bnila v\u202fkousek Irska. Chodby zaplavila zelen\u00e1 barva, sm\u00edch a sout\u011b\u017en\u00ed duch \u2014 konal<\/p>\n\t\t<\/div>\n\t\t\t\t<\/div>\n\t\t\t\t<\/article>\n\t\t\t\t<article class=\"elementor-post elementor-grid-item post-1005252 post type-post status-publish format-standard has-post-thumbnail hentry category-napsali-o-nas\" role=\"listitem\">\n\t\t\t\t<a class=\"elementor-post__thumbnail__link\" href=\"https:\/\/www.dahora.cz\/ru\/2026\/01\/22\/1005252\/\" tabindex=\"-1\" >\n\t\t\t<div class=\"elementor-post__thumbnail\"><img loading=\"lazy\" decoding=\"async\" width=\"1000\" height=\"750\" src=\"https:\/\/www.dahora.cz\/wp-content\/uploads\/2026\/01\/vecerni-skola-da-2026-5.webp\" class=\"attachment-full size-full wp-image-1005260\" alt=\"Dahora, Napsali o n\u00e1s: U\u010den\u00ed i sm\u00edch po setm\u011bn\u00ed: Na\u0161e ve\u010dern\u00ed \u0161kola rozsv\u00edtila noc!\" srcset=\"https:\/\/www.dahora.cz\/wp-content\/uploads\/2026\/01\/vecerni-skola-da-2026-5.webp 1000w, https:\/\/www.dahora.cz\/wp-content\/uploads\/2026\/01\/vecerni-skola-da-2026-5-300x225.webp 300w, https:\/\/www.dahora.cz\/wp-content\/uploads\/2026\/01\/vecerni-skola-da-2026-5-768x576.webp 768w, https:\/\/www.dahora.cz\/wp-content\/uploads\/2026\/01\/vecerni-skola-da-2026-5-16x12.webp 16w\" sizes=\"(max-width: 1000px) 100vw, 1000px\" \/><\/div>\n\t\t<\/a>\n\t\t\t\t<div class=\"elementor-post__text\">\n\t\t\t\t<h3 class=\"elementor-post__title\">\n\t\t\t<a href=\"https:\/\/www.dahora.cz\/ru\/2026\/01\/22\/1005252\/\" >\n\t\t\t\tU\u010den\u00ed i sm\u00edch po setm\u011bn\u00ed: Na\u0161e ve\u010dern\u00ed \u0161kola rozsv\u00edtila noc!\t\t\t<\/a>\n\t\t<\/h3>\n\t\t\t\t<div class=\"elementor-post__meta-data\">\n\t\t\t\t\t<span class=\"elementor-post-date\">\n\t\t\t22. 1. 2026\t\t<\/span>\n\t\t\t\t<\/div>\n\t\t\t\t<div class=\"elementor-post__excerpt\">\n\t\t\t<p>Zdroj: www.svoboda.info Odkaz na \u010dl\u00e1nek Mal\u00edn\u00a0&#8211;\u00a0U\u017e jste n\u011bkdy sly\u0161eli o \u0161kole, kam se studenti\u00a0t\u011b\u0161\u00ed? My taky dlouho ne. A\u017e do chv\u00edle, kdy se v\u00a0na\u0161\u00ed DIGITAL<\/p>\n\t\t<\/div>\n\t\t\t\t<\/div>\n\t\t\t\t<\/article>\n\t\t\t\t<article class=\"elementor-post elementor-grid-item post-1004524 post type-post status-publish format-standard has-post-thumbnail hentry category-napsali-o-nas\" role=\"listitem\">\n\t\t\t\t<a class=\"elementor-post__thumbnail__link\" href=\"https:\/\/www.dahora.cz\/ru\/2025\/12\/12\/v-digital-academy-to-vonelo-vanocemi-i-novotou\/\" tabindex=\"-1\" >\n\t\t\t<div class=\"elementor-post__thumbnail\"><img loading=\"lazy\" decoding=\"async\" width=\"1500\" height=\"1028\" src=\"https:\/\/www.dahora.cz\/wp-content\/uploads\/2025\/12\/da-mikulas-uvodni-foto.webp\" class=\"attachment-full size-full wp-image-1004550\" alt=\"Mikul\u00e1\u0161 a zdoben\u00ed pern\u00ed\u010dk\u016f, Dahora\" srcset=\"https:\/\/www.dahora.cz\/wp-content\/uploads\/2025\/12\/da-mikulas-uvodni-foto.webp 1500w, https:\/\/www.dahora.cz\/wp-content\/uploads\/2025\/12\/da-mikulas-uvodni-foto-300x206.webp 300w, https:\/\/www.dahora.cz\/wp-content\/uploads\/2025\/12\/da-mikulas-uvodni-foto-1024x702.webp 1024w, https:\/\/www.dahora.cz\/wp-content\/uploads\/2025\/12\/da-mikulas-uvodni-foto-768x526.webp 768w, https:\/\/www.dahora.cz\/wp-content\/uploads\/2025\/12\/da-mikulas-uvodni-foto-18x12.webp 18w\" sizes=\"(max-width: 1500px) 100vw, 1500px\" \/><\/div>\n\t\t<\/a>\n\t\t\t\t<div class=\"elementor-post__text\">\n\t\t\t\t<h3 class=\"elementor-post__title\">\n\t\t\t<a href=\"https:\/\/www.dahora.cz\/ru\/2025\/12\/12\/v-digital-academy-to-vonelo-vanocemi-i-novotou\/\" >\n\t\t\t\tV Digital Academy to von\u011blo V\u00e1nocemi i novotou!\t\t\t<\/a>\n\t\t<\/h3>\n\t\t\t\t<div class=\"elementor-post__meta-data\">\n\t\t\t\t\t<span class=\"elementor-post-date\">\n\t\t\t12. 12. 2025\t\t<\/span>\n\t\t\t\t<\/div>\n\t\t\t\t<div class=\"elementor-post__excerpt\">\n\t\t\t<p>Zdroj: www.svoboda.info Odkaz na \u010dl\u00e1nek Mal\u00edn\u00a0&#8211;\u00a0Kdo se minul\u00fd t\u00fdden zastavil v Digital Academy, mohl potvrdit jedin\u00e9 \u2013 \u017ee advent letos za\u010dal ve velk\u00e9m stylu. V\u016fn\u011b<\/p>\n\t\t<\/div>\n\t\t\t\t<\/div>\n\t\t\t\t<\/article>\n\t\t\t\t<article class=\"elementor-post elementor-grid-item post-1004448 post type-post status-publish format-standard has-post-thumbnail hentry category-napsali-o-nas\" role=\"listitem\">\n\t\t\t\t<a class=\"elementor-post__thumbnail__link\" href=\"https:\/\/www.dahora.cz\/ru\/2025\/11\/06\/dynove-odpoledne-a-halloweenske-veseli-spojily-studenty-i-ucitele\/\" tabindex=\"-1\" >\n\t\t\t<div class=\"elementor-post__thumbnail\"><img loading=\"lazy\" decoding=\"async\" width=\"1393\" height=\"1045\" src=\"https:\/\/www.dahora.cz\/wp-content\/uploads\/2025\/11\/da-dynove-odpoledne-13.webp\" class=\"attachment-full size-full wp-image-1004462\" alt=\"D\u00fd\u0148ov\u00e9 odpoledne a halloweensk\u00e9 vesel\u00ed spojily studenty i u\u010ditele\" srcset=\"https:\/\/www.dahora.cz\/wp-content\/uploads\/2025\/11\/da-dynove-odpoledne-13.webp 1393w, https:\/\/www.dahora.cz\/wp-content\/uploads\/2025\/11\/da-dynove-odpoledne-13-300x225.webp 300w, https:\/\/www.dahora.cz\/wp-content\/uploads\/2025\/11\/da-dynove-odpoledne-13-1024x768.webp 1024w, https:\/\/www.dahora.cz\/wp-content\/uploads\/2025\/11\/da-dynove-odpoledne-13-768x576.webp 768w, https:\/\/www.dahora.cz\/wp-content\/uploads\/2025\/11\/da-dynove-odpoledne-13-16x12.webp 16w\" sizes=\"(max-width: 1393px) 100vw, 1393px\" \/><\/div>\n\t\t<\/a>\n\t\t\t\t<div class=\"elementor-post__text\">\n\t\t\t\t<h3 class=\"elementor-post__title\">\n\t\t\t<a href=\"https:\/\/www.dahora.cz\/ru\/2025\/11\/06\/dynove-odpoledne-a-halloweenske-veseli-spojily-studenty-i-ucitele\/\" >\n\t\t\t\tD\u00fd\u0148ov\u00e9 odpoledne a halloweensk\u00e9 vesel\u00ed spojily studenty i u\u010ditele\t\t\t<\/a>\n\t\t<\/h3>\n\t\t\t\t<div class=\"elementor-post__meta-data\">\n\t\t\t\t\t<span class=\"elementor-post-date\">\n\t\t\t6. 11. 2025\t\t<\/span>\n\t\t\t\t<\/div>\n\t\t\t\t<div class=\"elementor-post__excerpt\">\n\t\t\t<p>Zdroj: www.svoboda.info Odkaz na \u010dl\u00e1nek Mal\u00edn\u00a0&#8211; Podzimn\u00ed sobota se prom\u011bnila ve vo\u0148av\u00e9 d\u00fd\u0148ov\u00e9 odpoledne pln\u00e9 sm\u00edchu, fantazie a p\u0159ekvapen\u00ed. U stol\u016f v Digit\u00e1ln\u00ed akademii v<\/p>\n\t\t<\/div>\n\t\t\t\t<\/div>\n\t\t\t\t<\/article>\n\t\t\t\t<article class=\"elementor-post elementor-grid-item post-996390 post type-post status-publish format-standard has-post-thumbnail hentry category-napsali-o-nas\" role=\"listitem\">\n\t\t\t\t<a class=\"elementor-post__thumbnail__link\" href=\"https:\/\/www.dahora.cz\/ru\/2024\/12\/02\/workshopy-o-zidovskych-tradicich-a-zazitkove-vyuce-o-holocaustu-na-digital-academy-kutna-hora-malin\/\" tabindex=\"-1\" >\n\t\t\t<div class=\"elementor-post__thumbnail\"><img loading=\"lazy\" decoding=\"async\" width=\"1000\" height=\"750\" src=\"https:\/\/www.dahora.cz\/wp-content\/uploads\/2024\/12\/20241129190346_20241125_105741.webp\" class=\"attachment-full size-full wp-image-996393\" alt=\"Workshopy o \u017eidovsk\u00fdch tradic\u00edch a z\u00e1\u017eitkov\u00e9 v\u00fduce o holocaustu na Digital Academy Kutn\u00e1 Hora \u2013 Mal\u00edn\" srcset=\"https:\/\/www.dahora.cz\/wp-content\/uploads\/2024\/12\/20241129190346_20241125_105741.webp 1000w, https:\/\/www.dahora.cz\/wp-content\/uploads\/2024\/12\/20241129190346_20241125_105741-300x225.webp 300w, https:\/\/www.dahora.cz\/wp-content\/uploads\/2024\/12\/20241129190346_20241125_105741-768x576.webp 768w, https:\/\/www.dahora.cz\/wp-content\/uploads\/2024\/12\/20241129190346_20241125_105741-16x12.webp 16w\" sizes=\"(max-width: 1000px) 100vw, 1000px\" \/><\/div>\n\t\t<\/a>\n\t\t\t\t<div class=\"elementor-post__text\">\n\t\t\t\t<h3 class=\"elementor-post__title\">\n\t\t\t<a href=\"https:\/\/www.dahora.cz\/ru\/2024\/12\/02\/workshopy-o-zidovskych-tradicich-a-zazitkove-vyuce-o-holocaustu-na-digital-academy-kutna-hora-malin\/\" >\n\t\t\t\t\u0421\u0435\u043c\u0438\u043d\u0430\u0440\u044b \u043f\u043e \u0435\u0432\u0440\u0435\u0439\u0441\u043a\u0438\u043c \u0442\u0440\u0430\u0434\u0438\u0446\u0438\u044f\u043c \u0438 \u043f\u0440\u0430\u043a\u0442\u0438\u0447\u0435\u0441\u043a\u043e\u0435 \u043e\u0431\u0443\u0447\u0435\u043d\u0438\u0435 \u0425\u043e\u043b\u043e\u043a\u043e\u0441\u0442\u0443 \u0432 \u0426\u0438\u0444\u0440\u043e\u0432\u043e\u0439 \u0430\u043a\u0430\u0434\u0435\u043c\u0438\u0438 \u041a\u0443\u0442\u043d\u0430 \u0413\u043e\u0440\u0430 - \u041c\u0430\u043b\u0438\u043d\t\t\t<\/a>\n\t\t<\/h3>\n\t\t\t\t<div class=\"elementor-post__meta-data\">\n\t\t\t\t\t<span class=\"elementor-post-date\">\n\t\t\t2. 12. 2024\t\t<\/span>\n\t\t\t\t<\/div>\n\t\t\t\t<div class=\"elementor-post__excerpt\">\n\t\t\t<p>\u0418\u0441\u0442\u043e\u0447\u043d\u0438\u043a: www.svoboda.info \u0421\u0441\u044b\u043b\u043a\u0430 \u043d\u0430 \u0441\u0442\u0430\u0442\u044c\u044e \u041a\u0443\u0442\u043d\u0430 \u0413\u043e\u0440\u0430 - \u0412 \u043f\u043e\u0441\u043b\u0435\u0434\u043d\u0438\u0439 \u043f\u043e\u043d\u0435\u0434\u0435\u043b\u044c\u043d\u0438\u043a \u043d\u043e\u044f\u0431\u0440\u044f \u0426\u0438\u0444\u0440\u043e\u0432\u0430\u044f \u0430\u043a\u0430\u0434\u0435\u043c\u0438\u044f \u041a\u0443\u0442\u043d\u0430 \u0413\u043e\u0440\u0430 - \u041c\u0430\u043b\u0438\u043d \u0438\u043c\u0435\u043b\u0430 \u0447\u0435\u0441\u0442\u044c \u043f\u0440\u043e\u0432\u0435\u0441\u0442\u0438 \u0441\u0435\u0440\u0438\u044e \u0441\u0435\u043c\u0438\u043d\u0430\u0440\u043e\u0432, \u043f\u043e\u0434\u0433\u043e\u0442\u043e\u0432\u043b\u0435\u043d\u043d\u044b\u0445<\/p>\n\t\t<\/div>\n\t\t\t\t<\/div>\n\t\t\t\t<\/article>\n\t\t\t\t<article class=\"elementor-post elementor-grid-item post-996317 post type-post status-publish format-standard has-post-thumbnail hentry category-napsali-o-nas\" role=\"listitem\">\n\t\t\t\t<a class=\"elementor-post__thumbnail__link\" href=\"https:\/\/www.dahora.cz\/ru\/2024\/11\/02\/foto-digitalni-akademii-v-maline-v-patek-obsadily-halloweenske-masky\/\" tabindex=\"-1\" >\n\t\t\t<div class=\"elementor-post__thumbnail\"><img loading=\"lazy\" decoding=\"async\" width=\"1000\" height=\"667\" src=\"https:\/\/www.dahora.cz\/wp-content\/uploads\/2024\/12\/20241101122945_IMG_3339.avif\" class=\"attachment-full size-full wp-image-996347\" alt=\"Foto: Digit\u00e1ln\u00ed akademii v Mal\u00edn\u011b v p\u00e1tek obsadily halloweensk\u00e9 masky!\" srcset=\"https:\/\/www.dahora.cz\/wp-content\/uploads\/2024\/12\/20241101122945_IMG_3339.avif 1000w, https:\/\/www.dahora.cz\/wp-content\/uploads\/2024\/12\/20241101122945_IMG_3339-300x200.avif 300w, https:\/\/www.dahora.cz\/wp-content\/uploads\/2024\/12\/20241101122945_IMG_3339-768x512.avif 768w, https:\/\/www.dahora.cz\/wp-content\/uploads\/2024\/12\/20241101122945_IMG_3339-18x12.avif 18w\" sizes=\"(max-width: 1000px) 100vw, 1000px\" \/><\/div>\n\t\t<\/a>\n\t\t\t\t<div class=\"elementor-post__text\">\n\t\t\t\t<h3 class=\"elementor-post__title\">\n\t\t\t<a href=\"https:\/\/www.dahora.cz\/ru\/2024\/11\/02\/foto-digitalni-akademii-v-maline-v-patek-obsadily-halloweenske-masky\/\" >\n\t\t\t\t\u0424\u043e\u0442\u043e: \u0426\u0438\u0444\u0440\u043e\u0432\u0430\u044f \u0430\u043a\u0430\u0434\u0435\u043c\u0438\u044f \u0432 \u041c\u0430\u043b\u0438\u043d\u0435 \u0432 \u043f\u044f\u0442\u043d\u0438\u0446\u0443 \u0431\u044b\u043b\u0430 \u043e\u043a\u043a\u0443\u043f\u0438\u0440\u043e\u0432\u0430\u043d\u0430 \u043c\u0430\u0441\u043a\u0430\u043c\u0438 \u0434\u043b\u044f \u0425\u044d\u043b\u043b\u043e\u0443\u0438\u043d\u0430!\t\t\t<\/a>\n\t\t<\/h3>\n\t\t\t\t<div class=\"elementor-post__meta-data\">\n\t\t\t\t\t<span class=\"elementor-post-date\">\n\t\t\t2. 11. 2024\t\t<\/span>\n\t\t\t\t<\/div>\n\t\t\t\t<div class=\"elementor-post__excerpt\">\n\t\t\t<p>\u0418\u0441\u0442\u043e\u0447\u043d\u0438\u043a: www.svoboda.info \u0421\u0441\u044b\u043b\u043a\u0430 \u043d\u0430 \u0441\u0442\u0430\u0442\u044c\u044e \u041c\u0430\u043b\u0438\u043d - \u0426\u0438\u0444\u0440\u043e\u0432\u0430\u044f \u0430\u043a\u0430\u0434\u0435\u043c\u0438\u044f \u0432 \u041c\u0430\u043b\u0438\u043d\u0435 \u0432 \u043f\u044f\u0442\u043d\u0438\u0446\u0443, 1 \u043d\u043e\u044f\u0431\u0440\u044f, \u043f\u0440\u043e\u0432\u0435\u043b\u0430 \u0432\u0435\u0447\u0435\u0440\u0438\u043d\u043a\u0443 \u0432 \u0447\u0435\u0441\u0442\u044c \u0425\u044d\u043b\u043b\u043e\u0443\u0438\u043d\u0430, \u043a\u043e\u0442\u043e\u0440\u0443\u044e \u0430\u043a\u0442\u0438\u0432\u043d\u043e \u043e\u0440\u0433\u0430\u043d\u0438\u0437\u043e\u0432\u0430\u043b 1 \u0421 \u043a\u043b\u0430\u0441\u0441 \u0432<\/p>\n\t\t<\/div>\n\t\t\t\t<\/div>\n\t\t\t\t<\/article>\n\t\t\t\t<article class=\"elementor-post elementor-grid-item post-996207 post type-post status-publish format-standard has-post-thumbnail hentry category-napsali-o-nas\" role=\"listitem\">\n\t\t\t\t<a class=\"elementor-post__thumbnail__link\" href=\"https:\/\/www.dahora.cz\/ru\/2024\/09\/21\/foto-nove-studenty-slavnostne-imatrikulovali-v-malinske-digital-academy\/\" tabindex=\"-1\" >\n\t\t\t<div class=\"elementor-post__thumbnail\"><img loading=\"lazy\" decoding=\"async\" width=\"1000\" height=\"665\" src=\"https:\/\/www.dahora.cz\/wp-content\/uploads\/2024\/12\/20240920181414_DAMALIN146.webp\" class=\"attachment-full size-full wp-image-996256\" alt=\"Foto: Nov\u00e9 studenty slavnostn\u011b imatrikulovali v mal\u00ednsk\u00e9 Digital Academy\" srcset=\"https:\/\/www.dahora.cz\/wp-content\/uploads\/2024\/12\/20240920181414_DAMALIN146.webp 1000w, https:\/\/www.dahora.cz\/wp-content\/uploads\/2024\/12\/20240920181414_DAMALIN146-300x200.webp 300w, https:\/\/www.dahora.cz\/wp-content\/uploads\/2024\/12\/20240920181414_DAMALIN146-768x511.webp 768w, https:\/\/www.dahora.cz\/wp-content\/uploads\/2024\/12\/20240920181414_DAMALIN146-18x12.webp 18w\" sizes=\"(max-width: 1000px) 100vw, 1000px\" \/><\/div>\n\t\t<\/a>\n\t\t\t\t<div class=\"elementor-post__text\">\n\t\t\t\t<h3 class=\"elementor-post__title\">\n\t\t\t<a href=\"https:\/\/www.dahora.cz\/ru\/2024\/09\/21\/foto-nove-studenty-slavnostne-imatrikulovali-v-malinske-digital-academy\/\" >\n\t\t\t\t\u0424\u043e\u0442\u043e: \u041d\u043e\u0432\u044b\u0435 \u0441\u0442\u0443\u0434\u0435\u043d\u0442\u044b \u0432 \u0446\u0438\u0444\u0440\u043e\u0432\u043e\u0439 \u0430\u043a\u0430\u0434\u0435\u043c\u0438\u0438 \u0432 \u041c\u0430\u043b\u0438\u043d\u043e\t\t\t<\/a>\n\t\t<\/h3>\n\t\t\t\t<div class=\"elementor-post__meta-data\">\n\t\t\t\t\t<span class=\"elementor-post-date\">\n\t\t\t21. 9. 2024\t\t<\/span>\n\t\t\t\t<\/div>\n\t\t\t\t<div class=\"elementor-post__excerpt\">\n\t\t\t<p>\u0418\u0441\u0442\u043e\u0447\u043d\u0438\u043a: www.svoboda.info \u0421\u0441\u044b\u043b\u043a\u0430 \u043d\u0430 \u0441\u0442\u0430\u0442\u044c\u044e \u041c\u0430\u043b\u0438\u043d - \u0412 \u0441\u0440\u0435\u0434\u0443, 18 \u0441\u0435\u043d\u0442\u044f\u0431\u0440\u044f, \u0432 \u0448\u043a\u043e\u043b\u044c\u043d\u043e\u043c \u0441\u0430\u0434\u0443 \u0441\u043e\u0441\u0442\u043e\u044f\u043b\u0430\u0441\u044c \u0446\u0435\u0440\u0435\u043c\u043e\u043d\u0438\u044f \u043f\u043e\u0441\u0432\u044f\u0449\u0435\u043d\u0438\u044f \u0432 \u0441\u0442\u0443\u0434\u0435\u043d\u0442\u044b \u0441\u0442\u0430\u0440\u0448\u0435\u0439 \u0448\u043a\u043e\u043b\u044b Digital Academy.<\/p>\n\t\t<\/div>\n\t\t\t\t<\/div>\n\t\t\t\t<\/article>\n\t\t\t\t<article class=\"elementor-post elementor-grid-item post-996137 post type-post status-publish format-standard has-post-thumbnail hentry category-napsali-o-nas\" role=\"listitem\">\n\t\t\t\t<a class=\"elementor-post__thumbnail__link\" href=\"https:\/\/www.dahora.cz\/ru\/2024\/09\/03\/digitalni-akademie-malin-v-letosnim-roce-otevrela-tri-tridy-prvniho-rocniku\/\" tabindex=\"-1\" >\n\t\t\t<div class=\"elementor-post__thumbnail\"><img loading=\"lazy\" decoding=\"async\" width=\"1000\" height=\"667\" src=\"https:\/\/www.dahora.cz\/wp-content\/uploads\/2024\/12\/20240902172841_IMG_1904.webp\" class=\"attachment-full size-full wp-image-996146\" alt=\"Digit\u00e1ln\u00ed akademie Mal\u00edn v leto\u0161n\u00edm roce otev\u0159ela t\u0159i t\u0159\u00eddy prvn\u00edho ro\u010dn\u00edku\" srcset=\"https:\/\/www.dahora.cz\/wp-content\/uploads\/2024\/12\/20240902172841_IMG_1904.webp 1000w, https:\/\/www.dahora.cz\/wp-content\/uploads\/2024\/12\/20240902172841_IMG_1904-300x200.webp 300w, https:\/\/www.dahora.cz\/wp-content\/uploads\/2024\/12\/20240902172841_IMG_1904-768x512.webp 768w, https:\/\/www.dahora.cz\/wp-content\/uploads\/2024\/12\/20240902172841_IMG_1904-18x12.webp 18w\" sizes=\"(max-width: 1000px) 100vw, 1000px\" \/><\/div>\n\t\t<\/a>\n\t\t\t\t<div class=\"elementor-post__text\">\n\t\t\t\t<h3 class=\"elementor-post__title\">\n\t\t\t<a href=\"https:\/\/www.dahora.cz\/ru\/2024\/09\/03\/digitalni-akademie-malin-v-letosnim-roce-otevrela-tri-tridy-prvniho-rocniku\/\" >\n\t\t\t\t\u0426\u0438\u0444\u0440\u043e\u0432\u0430\u044f \u0430\u043a\u0430\u0434\u0435\u043c\u0438\u044f \u041c\u0430\u043b\u0438\u043d \u043e\u0442\u043a\u0440\u044b\u043b\u0430 \u0432 \u044d\u0442\u043e\u043c \u0433\u043e\u0434\u0443 \u0442\u0440\u0438 \u043f\u0435\u0440\u0432\u044b\u0445 \u043a\u043b\u0430\u0441\u0441\u0430\t\t\t<\/a>\n\t\t<\/h3>\n\t\t\t\t<div class=\"elementor-post__meta-data\">\n\t\t\t\t\t<span class=\"elementor-post-date\">\n\t\t\t3. 9. 2024\t\t<\/span>\n\t\t\t\t<\/div>\n\t\t\t\t<div class=\"elementor-post__excerpt\">\n\t\t\t<p>\u0418\u0441\u0442\u043e\u0447\u043d\u0438\u043a: www.svoboda.info \u0421\u0441\u044b\u043b\u043a\u0430 \u043d\u0430 \u0441\u0442\u0430\u0442\u044c\u044e \u041c\u0430\u043b\u0438\u043d - \u0412 \u043f\u043e\u043d\u0435\u0434\u0435\u043b\u044c\u043d\u0438\u043a, 2 \u0441\u0435\u043d\u0442\u044f\u0431\u0440\u044f 2024 \u0433\u043e\u0434\u0430, \u0432 \u043d\u0435\u0434\u0430\u0432\u043d\u043e \u043f\u043e\u0441\u0442\u0440\u043e\u0435\u043d\u043d\u043e\u043c \u0441\u0430\u0434\u0443 \u0441\u0440\u0435\u0434\u043d\u0435\u0439 \u0448\u043a\u043e\u043b\u044b - \u0426\u0438\u0444\u0440\u043e\u0432\u043e\u0439 \u0430\u043a\u0430\u0434\u0435\u043c\u0438\u0438 \u0432 \u041c\u0430\u043b\u0438\u043d\u0435 - \u0441\u043e\u0441\u0442\u043e\u044f\u043b\u0430\u0441\u044c \u0442\u043e\u0440\u0436\u0435\u0441\u0442\u0432\u0435\u043d\u043d\u0430\u044f \u0446\u0435\u0440\u0435\u043c\u043e\u043d\u0438\u044f \u0432\u0441\u0442\u0440\u0435\u0447\u0438 \u0443\u0447\u0435\u043d\u0438\u043a\u043e\u0432.<\/p>\n\t\t<\/div>\n\t\t\t\t<\/div>\n\t\t\t\t<\/article>\n\t\t\t\t<\/div>\n\t\t\n\t\t\t\t\t\t<\/div>\n\t\t\t\t<\/div>\n\t\t\t\t\t<\/div>\n\t\t<\/div>\n\t\t\t\t\t<\/div>\n\t\t<\/section>\n\t\t\t\t<\/div>","protected":false},"excerpt":{"rendered":"","protected":false},"author":4,"featured_media":0,"parent":0,"menu_order":0,"comment_status":"closed","ping_status":"closed","template":"","meta":{"footnotes":""},"class_list":["post-996132","page","type-page","status-publish","hentry"],"aioseo_notices":[],"_links":{"self":[{"href":"https:\/\/www.dahora.cz\/ru\/wp-json\/wp\/v2\/pages\/996132","targetHints":{"allow":["GET"]}}],"collection":[{"href":"https:\/\/www.dahora.cz\/ru\/wp-json\/wp\/v2\/pages"}],"about":[{"href":"https:\/\/www.dahora.cz\/ru\/wp-json\/wp\/v2\/types\/page"}],"author":[{"embeddable":true,"href":"https:\/\/www.dahora.cz\/ru\/wp-json\/wp\/v2\/users\/4"}],"replies":[{"embeddable":true,"href":"https:\/\/www.dahora.cz\/ru\/wp-json\/wp\/v2\/comments?post=996132"}],"version-history":[{"count":3,"href":"https:\/\/www.dahora.cz\/ru\/wp-json\/wp\/v2\/pages\/996132\/revisions"}],"predecessor-version":[{"id":1005813,"href":"https:\/\/www.dahora.cz\/ru\/wp-json\/wp\/v2\/pages\/996132\/revisions\/1005813"}],"wp:attachment":[{"href":"https:\/\/www.dahora.cz\/ru\/wp-json\/wp\/v2\/media?parent=996132"}],"curies":[{"name":"wp","href":"https:\/\/api.w.org\/{rel}","templated":true}]}}